{"id":4996,"date":"2025-09-23T23:19:58","date_gmt":"2025-09-24T02:19:58","guid":{"rendered":"https:\/\/ciudaddelapunta.gob.ar\/01\/?page_id=4996"},"modified":"2025-09-24T00:42:18","modified_gmt":"2025-09-24T03:42:18","slug":"__trashed","status":"publish","type":"page","link":"https:\/\/ciudaddelapunta.gob.ar\/01\/__trashed\/","title":{"rendered":"Nogol\u00ed"},"content":{"rendered":"\t\t<div data-elementor-type=\"wp-page\" data-elementor-id=\"4996\" class=\"elementor elementor-4996\">\n\t\t\t\t<div class=\"elementor-element elementor-element-6810383 e-flex e-con-boxed e-con e-parent\" data-id=\"6810383\" data-element_type=\"container\" data-e-type=\"container\">\n\t\t\t\t\t<div class=\"e-con-inner\">\n\t\t\t\t<div class=\"elementor-element elementor-element-cf63107 elementor-widget elementor-widget-image\" data-id=\"cf63107\" data-element_type=\"widget\" data-e-type=\"widget\" data-widget_type=\"image.default\">\n\t\t\t\t<div class=\"elementor-widget-container\">\n\t\t\t\t\t\t\t\t\t\t\t\t\t\t\t<img fetchpriority=\"high\" decoding=\"async\" width=\"800\" height=\"420\" src=\"https:\/\/ciudaddelapunta.gob.ar\/01\/wp-content\/uploads\/2025\/09\/484072809_1114445657393650_6293773359870482852_n-1024x538.jpg\" class=\"attachment-large size-large wp-image-5000\" alt=\"\" srcset=\"https:\/\/ciudaddelapunta.gob.ar\/01\/wp-content\/uploads\/2025\/09\/484072809_1114445657393650_6293773359870482852_n-1024x538.jpg 1024w, https:\/\/ciudaddelapunta.gob.ar\/01\/wp-content\/uploads\/2025\/09\/484072809_1114445657393650_6293773359870482852_n-300x158.jpg 300w, https:\/\/ciudaddelapunta.gob.ar\/01\/wp-content\/uploads\/2025\/09\/484072809_1114445657393650_6293773359870482852_n-768x404.jpg 768w, https:\/\/ciudaddelapunta.gob.ar\/01\/wp-content\/uploads\/2025\/09\/484072809_1114445657393650_6293773359870482852_n-1536x807.jpg 1536w, https:\/\/ciudaddelapunta.gob.ar\/01\/wp-content\/uploads\/2025\/09\/484072809_1114445657393650_6293773359870482852_n.jpg 2048w\" sizes=\"(max-width: 800px) 100vw, 800px\" \/>\t\t\t\t\t\t\t\t\t\t\t\t\t\t\t<\/div>\n\t\t\t\t<\/div>\n\t\t\t\t\t<\/div>\n\t\t\t\t<\/div>\n\t\t<div class=\"elementor-element elementor-element-6183f5f e-flex e-con-boxed e-con e-parent\" data-id=\"6183f5f\" data-element_type=\"container\" data-e-type=\"container\">\n\t\t\t\t\t<div class=\"e-con-inner\">\n\t\t\t\t<div class=\"elementor-element elementor-element-68ee781 elementor-widget elementor-widget-text-editor\" data-id=\"68ee781\" data-element_type=\"widget\" data-e-type=\"widget\" data-widget_type=\"text-editor.default\">\n\t\t\t\t<div class=\"elementor-widget-container\">\n\t\t\t\t\t\t\t\t\t<h3 style=\"text-align: center;\"><span style=\"color: #ff6600;\">Nogol\u00ed<\/span><\/h3><p>El pueblo de Nogol\u00ed debe su nombre a la Estancia en cuyas tierras se produjo un asentamiento humano a mediados del siglo XIX.<\/p><p>De acuerdo a JUAN W. GEZ, este nombre tiene tres acepciones: \u201clugar de buena salud\u201d; \u201clugar de buen clima\u201d, y \u201clugar de buenas aguas\u201d. En el a\u00f1o 1775, en varios documentos posteriores aparece como Villa de Nogol\u00ed, o simplemente Nogol\u00ed.<\/p><p>En 1869 se funda la Villa de Nogol\u00ed, en el lugar que se encuentra actualmente, hasta que el 2 de julio de 1947 se le instituy\u00f3 el nombre de \u201cHIP\u00d3LITO IRIGOYEN\u201d, el que a\u00fan actualmente aparece en algunos documentos a pedido de los vecinos, el uso diario, la menci\u00f3n en muchos documentos p\u00fablicos, geogr\u00e1ficos y topogr\u00e1ficos del Nombre de Nogol\u00ed.<\/p><h3><strong><span style=\"color: #ff6600;\">El origen.<\/span><\/strong><\/h3><p>El antecedente m\u00e1s remoto que conocemos con Nogol\u00ed, es una petici\u00f3n de amparo que el 1 de enero de 1632 f\u00f3rmula en Santiago de Chile el capit\u00e1n Andr\u00e9s de Fuenzalida Guzm\u00e1n, por unas tierras que posee a 7 leguas de la ciudad de San Luis obtenidas por merced del gobernador don Alonso de Rivera. Dice que ha extraviado el t\u00edtulo de dichas tierras ubicadas en Nogol\u00ed, y que consta de 100 cuadras de largo en el dicho r\u00edo del Cat\u00ed, como corre a bajo, y otros cientos de ancho, de la parte de donde se pone el sol.<\/p><p>Varios a\u00f1os despu\u00e9s el 23 de agosto de 1668, surge otro antecedente a trav\u00e9s de un tr\u00e1mite del sargento mayor Felipe Ram\u00edrez Arellano, de San juan, representado por Alf\u00e9rez Tom\u00e1s Jofr\u00e9 casado con Isabel de Fuenzalida, nieta de don Andr\u00e9s de Fuenzalida Guzm\u00e1n.<\/p><p>Este pueblo urge en 1868 cuando don Daniel Funes hace cesi\u00f3n gratuita al gobierno de la provincia a cargo de don Rufino Lucero y Sosa, de terrenos comprendidos en su estancia de Nogol\u00ed.<\/p><p>Al respecto el ministro don Faustino Berrondo, da instrucci\u00f3n al agrimensor don Mamerto Guti\u00e9rrez para que proceda a delinear la villa con una plaza, 8 manzanas de 100 varas en cuadro cada uno y calles de 20 varas de ancho. Le recomienda a s\u00ed mismo proveer la provincia de agua suficiente en proporci\u00f3n a la cantidad de terreno, y elegir piso firme y seco, asegurando condiciones b\u00e1sicas de salubridad. Sugiere adem\u00e1s el ministro interesar a los vecinos para que se agrupen, con promesa de construir un templo y dem\u00e1s edificios p\u00fablicos.<\/p><p>Tradicionalmente este pueblo ha sido conocido por Nogol\u00ed, el 3 de julio de 1947 se le cambi\u00f3 el nombre a \u201cHip\u00f3lito Yrigoyen\u201d pero desde el 6 de marzo de 1981 volvi\u00f3 a tener el nombre de Nogol\u00ed.<\/p>\t\t\t\t\t\t\t\t<\/div>\n\t\t\t\t<\/div>\n\t\t\t\t\t<\/div>\n\t\t\t\t<\/div>\n\t\t<div class=\"elementor-element elementor-element-5782958 e-grid e-con-boxed e-con e-parent\" data-id=\"5782958\" data-element_type=\"container\" data-e-type=\"container\">\n\t\t\t\t\t<div class=\"e-con-inner\">\n\t\t\t\t<div class=\"elementor-element elementor-element-a62c86a elementor-widget elementor-widget-image\" data-id=\"a62c86a\" data-element_type=\"widget\" data-e-type=\"widget\" data-widget_type=\"image.default\">\n\t\t\t\t<div class=\"elementor-widget-container\">\n\t\t\t\t\t\t\t\t\t\t\t\t\t\t\t<img decoding=\"async\" width=\"768\" height=\"576\" src=\"https:\/\/ciudaddelapunta.gob.ar\/01\/wp-content\/uploads\/2025\/09\/515871297_10161068337981987_4440453294781761425_n-768x576.jpg\" class=\"attachment-medium_large size-medium_large wp-image-5001\" alt=\"\" srcset=\"https:\/\/ciudaddelapunta.gob.ar\/01\/wp-content\/uploads\/2025\/09\/515871297_10161068337981987_4440453294781761425_n-768x576.jpg 768w, https:\/\/ciudaddelapunta.gob.ar\/01\/wp-content\/uploads\/2025\/09\/515871297_10161068337981987_4440453294781761425_n-300x225.jpg 300w, https:\/\/ciudaddelapunta.gob.ar\/01\/wp-content\/uploads\/2025\/09\/515871297_10161068337981987_4440453294781761425_n-1024x768.jpg 1024w, https:\/\/ciudaddelapunta.gob.ar\/01\/wp-content\/uploads\/2025\/09\/515871297_10161068337981987_4440453294781761425_n.jpg 1156w\" sizes=\"(max-width: 768px) 100vw, 768px\" \/>\t\t\t\t\t\t\t\t\t\t\t\t\t\t\t<\/div>\n\t\t\t\t<\/div>\n\t\t\t\t<div class=\"elementor-element elementor-element-d482a2b elementor-widget elementor-widget-text-editor\" data-id=\"d482a2b\" data-element_type=\"widget\" data-e-type=\"widget\" data-widget_type=\"text-editor.default\">\n\t\t\t\t<div class=\"elementor-widget-container\">\n\t\t\t\t\t\t\t\t\t<h3><span style=\"color: #ff6600;\"><strong>Cerro Barroso<\/strong><\/span><\/h3><p>Este imponente cerro a espaldas de la localidad de Nogol\u00ed, posee 2100 metros sobre el nivel del mar, ofrece una agreste belleza con su abundante vegetaci\u00f3n de monte serrano. Adem\u00e1s de la posibilidad de observar su variada fauna av\u00edcola. Llegar al cerro se logra a trav\u00e9s de una caminata de cabras o huella, sin mayor dificultad para al fin llegar a la cumbre donde se puede observar una magn\u00edfica visual del c\u00f3ndor serrano y del Cerro del Despe\u00f1adero a 1789 metros sobre el nivel del mar y el Cerro Pajarito a 1900 metros sobre el nivel del mar.<\/p>\t\t\t\t\t\t\t\t<\/div>\n\t\t\t\t<\/div>\n\t\t\t\t\t<\/div>\n\t\t\t\t<\/div>\n\t\t<div class=\"elementor-element elementor-element-db2044e e-grid e-con-boxed e-con e-parent\" data-id=\"db2044e\" data-element_type=\"container\" data-e-type=\"container\">\n\t\t\t\t\t<div class=\"e-con-inner\">\n\t\t\t\t<div class=\"elementor-element elementor-element-c20be0b elementor-widget elementor-widget-text-editor\" data-id=\"c20be0b\" data-element_type=\"widget\" data-e-type=\"widget\" data-widget_type=\"text-editor.default\">\n\t\t\t\t<div class=\"elementor-widget-container\">\n\t\t\t\t\t\t\t\t\t<h3><span style=\"color: #ff6600;\"><strong>Quebrada de San Vicente<\/strong><\/span><\/h3><p>Esta exuberante quebrada es un hundimiento transversal que quiebra la continuidad de la Sierra de San Luis. Es precisamente en esta y en otras quebradas, al abrigo de los vientos, donde la flora adquiere su mayor abundancia.<\/p><p>Es un gran corredor paisaj\u00edstico de 27 kil\u00f3metros que atraviesa de oriente a occidente las sierras de San Luis. Los puntos de mayor inter\u00e9s coinciden en tres vistas panor\u00e1micas de la Sierra de los Comechingones, pueblo de San Mart\u00edn, siendo el tercer mirador m\u00e1s heterog\u00e9neo, mostrando un paisaje focalizado por la quebrada, el r\u00edo y la ruta que desciende por la sierra.<\/p>\t\t\t\t\t\t\t\t<\/div>\n\t\t\t\t<\/div>\n\t\t\t\t<div class=\"elementor-element elementor-element-9ddfa48 elementor-widget elementor-widget-html\" data-id=\"9ddfa48\" data-element_type=\"widget\" data-e-type=\"widget\" data-widget_type=\"html.default\">\n\t\t\t\t<div class=\"elementor-widget-container\">\n\t\t\t\t\t<iframe src=\"https:\/\/www.google.com\/maps\/embed?pb=!1m18!1m12!1m3!1d22362.678390661116!2d-66.33514194195908!3d-32.920141285762064!2m3!1f0!2f0!3f0!3m2!1i1024!2i768!4f13.1!3m3!1m2!1s0x95d458d4a7e6383f%3A0x1ad718835c6e50b4!2sNogol%C3%AD%2C%20San%20Luis!5e1!3m2!1ses-419!2sar!4v1758682806322!5m2!1ses-419!2sar\" width=\"600\" height=\"450\" style=\"border:0;\" allowfullscreen=\"\" loading=\"lazy\" referrerpolicy=\"no-referrer-when-downgrade\"><\/iframe>\t\t\t\t<\/div>\n\t\t\t\t<\/div>\n\t\t\t\t\t<\/div>\n\t\t\t\t<\/div>\n\t\t<div class=\"elementor-element elementor-element-282e15c e-grid e-con-boxed e-con e-parent\" data-id=\"282e15c\" data-element_type=\"container\" data-e-type=\"container\">\n\t\t\t\t\t<div class=\"e-con-inner\">\n\t\t\t\t<div class=\"elementor-element elementor-element-adcd8d8 elementor-widget elementor-widget-image\" data-id=\"adcd8d8\" data-element_type=\"widget\" data-e-type=\"widget\" data-widget_type=\"image.default\">\n\t\t\t\t<div class=\"elementor-widget-container\">\n\t\t\t\t\t\t\t\t\t\t\t\t\t\t\t<img decoding=\"async\" width=\"800\" height=\"600\" src=\"https:\/\/ciudaddelapunta.gob.ar\/01\/wp-content\/uploads\/2025\/09\/466838410_10234541093179097_868102375845877630_n-1024x768.jpg\" class=\"attachment-large size-large wp-image-5002\" alt=\"\" srcset=\"https:\/\/ciudaddelapunta.gob.ar\/01\/wp-content\/uploads\/2025\/09\/466838410_10234541093179097_868102375845877630_n-1024x768.jpg 1024w, https:\/\/ciudaddelapunta.gob.ar\/01\/wp-content\/uploads\/2025\/09\/466838410_10234541093179097_868102375845877630_n-300x225.jpg 300w, https:\/\/ciudaddelapunta.gob.ar\/01\/wp-content\/uploads\/2025\/09\/466838410_10234541093179097_868102375845877630_n-768x576.jpg 768w, https:\/\/ciudaddelapunta.gob.ar\/01\/wp-content\/uploads\/2025\/09\/466838410_10234541093179097_868102375845877630_n.jpg 1152w\" sizes=\"(max-width: 800px) 100vw, 800px\" \/>\t\t\t\t\t\t\t\t\t\t\t\t\t\t\t<\/div>\n\t\t\t\t<\/div>\n\t\t\t\t<div class=\"elementor-element elementor-element-f3565f3 elementor-widget elementor-widget-text-editor\" data-id=\"f3565f3\" data-element_type=\"widget\" data-e-type=\"widget\" data-widget_type=\"text-editor.default\">\n\t\t\t\t<div class=\"elementor-widget-container\">\n\t\t\t\t\t\t\t\t\t<h3><span style=\"color: #ff6600;\"><strong>Dique Nogol\u00ed<\/strong><\/span><\/h3><p>El dique conforma el proyecto de los 5 lagos, que interrelacionan los diques: Paso de Las Carretas, R\u00edo Las Carpas, La Florida, Antonio Esteban Ag\u00fcero y Nogol\u00ed. Conforman un circuito tur\u00edstico de 150 km. Est\u00e1 ubicado a 4 km del pueblo de Nogol\u00ed el cual est\u00e1 a 49 km de la capital.<\/p>\t\t\t\t\t\t\t\t<\/div>\n\t\t\t\t<\/div>\n\t\t\t\t\t<\/div>\n\t\t\t\t<\/div>\n\t\t<div class=\"elementor-element elementor-element-2995672 e-flex e-con-boxed e-con e-parent\" data-id=\"2995672\" data-element_type=\"container\" data-e-type=\"container\">\n\t\t\t\t\t<div class=\"e-con-inner\">\n\t\t\t\t<div class=\"elementor-element elementor-element-2f04e56 elementor-widget elementor-widget-heading\" data-id=\"2f04e56\" data-element_type=\"widget\" data-e-type=\"widget\" data-widget_type=\"heading.default\">\n\t\t\t\t<div class=\"elementor-widget-container\">\n\t\t\t\t\t<h3 class=\"elementor-heading-title elementor-size-default\">Galer\u00eda de im\u00e1genes<\/h3>\t\t\t\t<\/div>\n\t\t\t\t<\/div>\n\t\t\t\t<div class=\"elementor-element elementor-element-ab01d3a elementor-arrows-position-inside elementor-pagination-position-outside elementor-widget elementor-widget-image-carousel\" data-id=\"ab01d3a\" data-element_type=\"widget\" data-e-type=\"widget\" data-settings=\"{&quot;slides_to_show&quot;:&quot;1&quot;,&quot;navigation&quot;:&quot;both&quot;,&quot;autoplay&quot;:&quot;yes&quot;,&quot;pause_on_hover&quot;:&quot;yes&quot;,&quot;pause_on_interaction&quot;:&quot;yes&quot;,&quot;autoplay_speed&quot;:5000,&quot;infinite&quot;:&quot;yes&quot;,&quot;effect&quot;:&quot;slide&quot;,&quot;speed&quot;:500}\" data-widget_type=\"image-carousel.default\">\n\t\t\t\t<div class=\"elementor-widget-container\">\n\t\t\t\t\t\t\t<div class=\"elementor-image-carousel-wrapper swiper\" role=\"region\" aria-roledescription=\"carousel\" aria-label=\"Carrusel de im\u00e1genes\" dir=\"ltr\">\n\t\t\t<div class=\"elementor-image-carousel swiper-wrapper\" aria-live=\"off\">\n\t\t\t\t\t\t\t\t<div class=\"swiper-slide\" role=\"group\" aria-roledescription=\"slide\" aria-label=\"1 de 7\"><figure class=\"swiper-slide-inner\"><img decoding=\"async\" class=\"swiper-slide-image\" src=\"https:\/\/ciudaddelapunta.gob.ar\/01\/wp-content\/uploads\/2025\/09\/466786086_10234541094579132_2380748684410276640_n-1024x768.jpg\" alt=\"466786086_10234541094579132_2380748684410276640_n\" \/><\/figure><\/div><div class=\"swiper-slide\" role=\"group\" aria-roledescription=\"slide\" aria-label=\"2 de 7\"><figure class=\"swiper-slide-inner\"><img decoding=\"async\" class=\"swiper-slide-image\" src=\"https:\/\/ciudaddelapunta.gob.ar\/01\/wp-content\/uploads\/2025\/09\/466785947_10234541093419103_1157051917628556075_n-1024x768.jpg\" alt=\"466785947_10234541093419103_1157051917628556075_n\" \/><\/figure><\/div><div class=\"swiper-slide\" role=\"group\" aria-roledescription=\"slide\" aria-label=\"3 de 7\"><figure class=\"swiper-slide-inner\"><img decoding=\"async\" class=\"swiper-slide-image\" src=\"https:\/\/ciudaddelapunta.gob.ar\/01\/wp-content\/uploads\/2025\/09\/466827129_10234541092299075_288197234079948351_n-1024x768.jpg\" alt=\"466827129_10234541092299075_288197234079948351_n\" \/><\/figure><\/div><div class=\"swiper-slide\" role=\"group\" aria-roledescription=\"slide\" aria-label=\"4 de 7\"><figure class=\"swiper-slide-inner\"><img decoding=\"async\" class=\"swiper-slide-image\" src=\"https:\/\/ciudaddelapunta.gob.ar\/01\/wp-content\/uploads\/2025\/09\/466663383_10234541092179072_6307108355520896911_n-1024x768.jpg\" alt=\"466663383_10234541092179072_6307108355520896911_n\" \/><\/figure><\/div><div class=\"swiper-slide\" role=\"group\" aria-roledescription=\"slide\" aria-label=\"5 de 7\"><figure class=\"swiper-slide-inner\"><img decoding=\"async\" class=\"swiper-slide-image\" src=\"https:\/\/ciudaddelapunta.gob.ar\/01\/wp-content\/uploads\/2025\/09\/466737210_10234541091979067_7120525595111076233_n-1024x768.jpg\" alt=\"466737210_10234541091979067_7120525595111076233_n\" \/><\/figure><\/div><div class=\"swiper-slide\" role=\"group\" aria-roledescription=\"slide\" aria-label=\"6 de 7\"><figure class=\"swiper-slide-inner\"><img decoding=\"async\" class=\"swiper-slide-image\" src=\"https:\/\/ciudaddelapunta.gob.ar\/01\/wp-content\/uploads\/2025\/09\/466671485_10234541092019068_1064284802621850557_n-1024x768.jpg\" alt=\"466671485_10234541092019068_1064284802621850557_n\" \/><\/figure><\/div><div class=\"swiper-slide\" role=\"group\" aria-roledescription=\"slide\" aria-label=\"7 de 7\"><figure class=\"swiper-slide-inner\"><img decoding=\"async\" class=\"swiper-slide-image\" src=\"https:\/\/ciudaddelapunta.gob.ar\/01\/wp-content\/uploads\/2025\/09\/466669228_10234541093339101_2289096008634765854_n-1024x768.jpg\" alt=\"466669228_10234541093339101_2289096008634765854_n\" \/><\/figure><\/div>\t\t\t<\/div>\n\t\t\t\t\t\t\t\t\t\t\t\t<div class=\"elementor-swiper-button elementor-swiper-button-prev\" role=\"button\" tabindex=\"0\">\n\t\t\t\t\t\t<svg aria-hidden=\"true\" class=\"e-font-icon-svg e-eicon-chevron-left\" viewBox=\"0 0 1000 1000\" xmlns=\"http:\/\/www.w3.org\/2000\/svg\"><path d=\"M646 125C629 125 613 133 604 142L308 442C296 454 292 471 292 487 292 504 296 521 308 533L604 854C617 867 629 875 646 875 663 875 679 871 692 858 704 846 713 829 713 812 713 796 708 779 692 767L438 487 692 225C700 217 708 204 708 187 708 171 704 154 692 142 675 129 663 125 646 125Z\"><\/path><\/svg>\t\t\t\t\t<\/div>\n\t\t\t\t\t<div class=\"elementor-swiper-button elementor-swiper-button-next\" role=\"button\" tabindex=\"0\">\n\t\t\t\t\t\t<svg aria-hidden=\"true\" class=\"e-font-icon-svg e-eicon-chevron-right\" viewBox=\"0 0 1000 1000\" xmlns=\"http:\/\/www.w3.org\/2000\/svg\"><path d=\"M696 533C708 521 713 504 713 487 713 471 708 454 696 446L400 146C388 133 375 125 354 125 338 125 325 129 313 142 300 154 292 171 292 187 292 204 296 221 308 233L563 492 304 771C292 783 288 800 288 817 288 833 296 850 308 863 321 871 338 875 354 875 371 875 388 867 400 854L696 533Z\"><\/path><\/svg>\t\t\t\t\t<\/div>\n\t\t\t\t\n\t\t\t\t\t\t\t\t\t<div class=\"swiper-pagination\"><\/div>\n\t\t\t\t\t\t\t\t\t<\/div>\n\t\t\t\t\t\t<\/div>\n\t\t\t\t<\/div>\n\t\t\t\t\t<\/div>\n\t\t\t\t<\/div>\n\t\t\t\t<\/div>\n\t\t","protected":false},"excerpt":{"rendered":"<p>Nogol\u00ed El pueblo de Nogol\u00ed debe su nombre a la Estancia en cuyas tierras se produjo un asentamiento humano a mediados del siglo XIX. De acuerdo a JUAN W. GEZ, &#8230;<\/p>\n","protected":false},"author":38,"featured_media":0,"parent":0,"menu_order":0,"comment_status":"closed","ping_status":"closed","template":"","meta":{"footnotes":""},"class_list":["post-4996","page","type-page","status-publish","hentry"],"_links":{"self":[{"href":"https:\/\/ciudaddelapunta.gob.ar\/01\/wp-json\/wp\/v2\/pages\/4996","targetHints":{"allow":["GET"]}}],"collection":[{"href":"https:\/\/ciudaddelapunta.gob.ar\/01\/wp-json\/wp\/v2\/pages"}],"about":[{"href":"https:\/\/ciudaddelapunta.gob.ar\/01\/wp-json\/wp\/v2\/types\/page"}],"author":[{"embeddable":true,"href":"https:\/\/ciudaddelapunta.gob.ar\/01\/wp-json\/wp\/v2\/users\/38"}],"replies":[{"embeddable":true,"href":"https:\/\/ciudaddelapunta.gob.ar\/01\/wp-json\/wp\/v2\/comments?post=4996"}],"version-history":[{"count":8,"href":"https:\/\/ciudaddelapunta.gob.ar\/01\/wp-json\/wp\/v2\/pages\/4996\/revisions"}],"predecessor-version":[{"id":5047,"href":"https:\/\/ciudaddelapunta.gob.ar\/01\/wp-json\/wp\/v2\/pages\/4996\/revisions\/5047"}],"wp:attachment":[{"href":"https:\/\/ciudaddelapunta.gob.ar\/01\/wp-json\/wp\/v2\/media?parent=4996"}],"curies":[{"name":"wp","href":"https:\/\/api.w.org\/{rel}","templated":true}]}}